{"id":3275,"date":"2022-12-06T11:48:11","date_gmt":"2022-12-06T10:48:11","guid":{"rendered":"http:\/\/slike.getonthestage.com.getonthestage.com\/delegati\/matjaz-mancek-head-of-music-programme-at-kino-siska-slo\/"},"modified":"2024-03-04T23:14:56","modified_gmt":"2024-03-04T22:14:56","slug":"matjaz-mancek-sef-muzickog-programa-u-kino-siska-slo","status":"publish","type":"avada_portfolio","link":"https:\/\/kontaktbeograd.rs\/en\/delegates\/matjaz-mancek-sef-muzickog-programa-u-kino-siska-slo\/","title":{"rendered":"<strong>Matja\u017e Man\u010dek<\/strong> <br> (GO!2025, SLO)"},"content":{"rendered":"<p>Matja\u017e led the music program at Kinu \u0160i\u0161ka in Ljubljana during the period 2009\u20132024. He co-founded and co-managed the MENT Ljubljana festival from 2015 to 2021. Since February 2024, he has been the head of international activities for the European Capital of Culture Nova Gorica 2025. Actively involved in the music world since 1996 as a musician in various &#8220;noise rock&#8221; bands (\u0160tirje Pravi Dedci \u2013 opened for Fugazi in 1999), free improv (Alzhejmer trio), and experimental bands\/projects (BAST). He was a radio activist at Radio \u0160tudent as a DJ, and later a music editor from 1996 to 2003. He initiated the \u201cKlubski maraton\u201d project at Radio \u0160tudent in 2001, served as the coordinator of the CrossRadio network of ex-YU independent radio stations from 2001-2008, worked as a club DJ, promoter, and producer of domestic and international music events, and was an editor at the rx:tx music label in 2004\/5. In 2005, he founded the Kataman Music Action association for production and promotion and led its activities until 2009.<\/p>\n","protected":false},"excerpt":{"rendered":"<p>Matja\u017e led the music program at Kinu \u0160i\u0161ka in Ljubljana during the period 2009\u20132024. He co-founded and<\/p>\n","protected":false},"author":1,"featured_media":5799,"menu_order":0,"template":"","format":"standard","meta":{"footnotes":""},"portfolio_category":[89,81],"portfolio_skills":[],"portfolio_tags":[],"class_list":["post-3275","avada_portfolio","type-avada_portfolio","status-publish","format-standard","has-post-thumbnail","hentry","portfolio_category-2024-en","portfolio_category-delegates-2022"],"yoast_head":"<!-- This site is optimized with the Yoast SEO plugin v27.4 - https:\/\/yoast.com\/product\/yoast-seo-wordpress\/ -->\n<title>Matja\u017e Man\u010dek  (GO!2025, SLO) - Kontakt konferencija<\/title>\n<meta name=\"robots\" content=\"index, follow, max-snippet:-1, max-image-preview:large, max-video-preview:-1\" \/>\n<link rel=\"canonical\" href=\"https:\/\/kontaktbeograd.rs\/en\/delegates\/matjaz-mancek-sef-muzickog-programa-u-kino-siska-slo\/\" \/>\n<meta property=\"og:locale\" content=\"en_US\" \/>\n<meta property=\"og:type\" content=\"article\" \/>\n<meta property=\"og:title\" content=\"Matja\u017e Man\u010dek  (GO!2025, SLO) - Kontakt konferencija\" \/>\n<meta property=\"og:description\" content=\"Matja\u017e led the music program at Kinu \u0160i\u0161ka in Ljubljana during the period 2009\u20132024. He co-founded and\" \/>\n<meta property=\"og:url\" content=\"https:\/\/kontaktbeograd.rs\/en\/delegates\/matjaz-mancek-sef-muzickog-programa-u-kino-siska-slo\/\" \/>\n<meta property=\"og:site_name\" content=\"Kontakt konferencija\" \/>\n<meta property=\"article:publisher\" content=\"https:\/\/www.facebook.com\/KontaktBeograd\/\" \/>\n<meta property=\"article:modified_time\" content=\"2024-03-04T22:14:56+00:00\" \/>\n<meta property=\"og:image\" content=\"https:\/\/kontaktbeograd.rs\/wp-content\/uploads\/2022\/12\/Matjaz-Mancek-scaled.jpg\" \/>\n\t<meta property=\"og:image:width\" content=\"1709\" \/>\n\t<meta property=\"og:image:height\" content=\"2560\" \/>\n\t<meta property=\"og:image:type\" content=\"image\/jpeg\" \/>\n<meta name=\"twitter:card\" content=\"summary_large_image\" \/>\n<meta name=\"twitter:label1\" content=\"Est. reading time\" \/>\n\t<meta name=\"twitter:data1\" content=\"2 minutes\" \/>\n<script type=\"application\/ld+json\" class=\"yoast-schema-graph\">{\"@context\":\"https:\\\/\\\/schema.org\",\"@graph\":[{\"@type\":\"WebPage\",\"@id\":\"https:\\\/\\\/kontaktbeograd.rs\\\/en\\\/delegates\\\/matjaz-mancek-sef-muzickog-programa-u-kino-siska-slo\\\/\",\"url\":\"https:\\\/\\\/kontaktbeograd.rs\\\/en\\\/delegates\\\/matjaz-mancek-sef-muzickog-programa-u-kino-siska-slo\\\/\",\"name\":\"Matja\u017e Man\u010dek (GO!2025, SLO) - Kontakt konferencija\",\"isPartOf\":{\"@id\":\"https:\\\/\\\/kontaktbeograd.rs\\\/sr\\\/#website\"},\"primaryImageOfPage\":{\"@id\":\"https:\\\/\\\/kontaktbeograd.rs\\\/en\\\/delegates\\\/matjaz-mancek-sef-muzickog-programa-u-kino-siska-slo\\\/#primaryimage\"},\"image\":{\"@id\":\"https:\\\/\\\/kontaktbeograd.rs\\\/en\\\/delegates\\\/matjaz-mancek-sef-muzickog-programa-u-kino-siska-slo\\\/#primaryimage\"},\"thumbnailUrl\":\"https:\\\/\\\/kontaktbeograd.rs\\\/wp-content\\\/uploads\\\/2022\\\/12\\\/Matjaz-Mancek-scaled.jpg\",\"datePublished\":\"2022-12-06T10:48:11+00:00\",\"dateModified\":\"2024-03-04T22:14:56+00:00\",\"breadcrumb\":{\"@id\":\"https:\\\/\\\/kontaktbeograd.rs\\\/en\\\/delegates\\\/matjaz-mancek-sef-muzickog-programa-u-kino-siska-slo\\\/#breadcrumb\"},\"inLanguage\":\"en-US\",\"potentialAction\":[{\"@type\":\"ReadAction\",\"target\":[\"https:\\\/\\\/kontaktbeograd.rs\\\/en\\\/delegates\\\/matjaz-mancek-sef-muzickog-programa-u-kino-siska-slo\\\/\"]}]},{\"@type\":\"ImageObject\",\"inLanguage\":\"en-US\",\"@id\":\"https:\\\/\\\/kontaktbeograd.rs\\\/en\\\/delegates\\\/matjaz-mancek-sef-muzickog-programa-u-kino-siska-slo\\\/#primaryimage\",\"url\":\"https:\\\/\\\/kontaktbeograd.rs\\\/wp-content\\\/uploads\\\/2022\\\/12\\\/Matjaz-Mancek-scaled.jpg\",\"contentUrl\":\"https:\\\/\\\/kontaktbeograd.rs\\\/wp-content\\\/uploads\\\/2022\\\/12\\\/Matjaz-Mancek-scaled.jpg\",\"width\":1709,\"height\":2560,\"caption\":\"sv. Jakob 27-07-2021 - trg sv. Jakoba - Matjaz Mancek\"},{\"@type\":\"BreadcrumbList\",\"@id\":\"https:\\\/\\\/kontaktbeograd.rs\\\/en\\\/delegates\\\/matjaz-mancek-sef-muzickog-programa-u-kino-siska-slo\\\/#breadcrumb\",\"itemListElement\":[{\"@type\":\"ListItem\",\"position\":1,\"name\":\"Home\",\"item\":\"https:\\\/\\\/kontaktbeograd.rs\\\/en\\\/\"},{\"@type\":\"ListItem\",\"position\":2,\"name\":\"Portfolio\",\"item\":\"https:\\\/\\\/kontaktbeograd.rs\\\/sr\\\/delegates\\\/\"},{\"@type\":\"ListItem\",\"position\":3,\"name\":\"Matja\u017e Man\u010dek (GO!2025, SLO)\"}]},{\"@type\":\"WebSite\",\"@id\":\"https:\\\/\\\/kontaktbeograd.rs\\\/sr\\\/#website\",\"url\":\"https:\\\/\\\/kontaktbeograd.rs\\\/sr\\\/\",\"name\":\"Kontakt konferencija\",\"description\":\"Kontakt 2025\",\"publisher\":{\"@id\":\"https:\\\/\\\/kontaktbeograd.rs\\\/sr\\\/#organization\"},\"potentialAction\":[{\"@type\":\"SearchAction\",\"target\":{\"@type\":\"EntryPoint\",\"urlTemplate\":\"https:\\\/\\\/kontaktbeograd.rs\\\/sr\\\/?s={search_term_string}\"},\"query-input\":{\"@type\":\"PropertyValueSpecification\",\"valueRequired\":true,\"valueName\":\"search_term_string\"}}],\"inLanguage\":\"en-US\"},{\"@type\":\"Organization\",\"@id\":\"https:\\\/\\\/kontaktbeograd.rs\\\/sr\\\/#organization\",\"name\":\"Kontakt konferencija\",\"url\":\"https:\\\/\\\/kontaktbeograd.rs\\\/sr\\\/\",\"logo\":{\"@type\":\"ImageObject\",\"inLanguage\":\"en-US\",\"@id\":\"https:\\\/\\\/kontaktbeograd.rs\\\/sr\\\/#\\\/schema\\\/logo\\\/image\\\/\",\"url\":\"https:\\\/\\\/www.kontakt.org.rs\\\/wp-content\\\/uploads\\\/2023\\\/01\\\/KONTAKT_23-header-logo-3.png\",\"contentUrl\":\"https:\\\/\\\/www.kontakt.org.rs\\\/wp-content\\\/uploads\\\/2023\\\/01\\\/KONTAKT_23-header-logo-3.png\",\"width\":706,\"height\":71,\"caption\":\"Kontakt konferencija\"},\"image\":{\"@id\":\"https:\\\/\\\/kontaktbeograd.rs\\\/sr\\\/#\\\/schema\\\/logo\\\/image\\\/\"},\"sameAs\":[\"https:\\\/\\\/www.facebook.com\\\/KontaktBeograd\\\/\",\"https:\\\/\\\/www.instagram.com\\\/kontakt_beograd\\\/\"]}]}<\/script>\n<!-- \/ Yoast SEO plugin. -->","yoast_head_json":{"title":"Matja\u017e Man\u010dek  (GO!2025, SLO) - Kontakt konferencija","robots":{"index":"index","follow":"follow","max-snippet":"max-snippet:-1","max-image-preview":"max-image-preview:large","max-video-preview":"max-video-preview:-1"},"canonical":"https:\/\/kontaktbeograd.rs\/en\/delegates\/matjaz-mancek-sef-muzickog-programa-u-kino-siska-slo\/","og_locale":"en_US","og_type":"article","og_title":"Matja\u017e Man\u010dek  (GO!2025, SLO) - Kontakt konferencija","og_description":"Matja\u017e led the music program at Kinu \u0160i\u0161ka in Ljubljana during the period 2009\u20132024. He co-founded and","og_url":"https:\/\/kontaktbeograd.rs\/en\/delegates\/matjaz-mancek-sef-muzickog-programa-u-kino-siska-slo\/","og_site_name":"Kontakt konferencija","article_publisher":"https:\/\/www.facebook.com\/KontaktBeograd\/","article_modified_time":"2024-03-04T22:14:56+00:00","og_image":[{"width":1709,"height":2560,"url":"https:\/\/kontaktbeograd.rs\/wp-content\/uploads\/2022\/12\/Matjaz-Mancek-scaled.jpg","type":"image\/jpeg"}],"twitter_card":"summary_large_image","twitter_misc":{"Est. reading time":"2 minutes"},"schema":{"@context":"https:\/\/schema.org","@graph":[{"@type":"WebPage","@id":"https:\/\/kontaktbeograd.rs\/en\/delegates\/matjaz-mancek-sef-muzickog-programa-u-kino-siska-slo\/","url":"https:\/\/kontaktbeograd.rs\/en\/delegates\/matjaz-mancek-sef-muzickog-programa-u-kino-siska-slo\/","name":"Matja\u017e Man\u010dek (GO!2025, SLO) - Kontakt konferencija","isPartOf":{"@id":"https:\/\/kontaktbeograd.rs\/sr\/#website"},"primaryImageOfPage":{"@id":"https:\/\/kontaktbeograd.rs\/en\/delegates\/matjaz-mancek-sef-muzickog-programa-u-kino-siska-slo\/#primaryimage"},"image":{"@id":"https:\/\/kontaktbeograd.rs\/en\/delegates\/matjaz-mancek-sef-muzickog-programa-u-kino-siska-slo\/#primaryimage"},"thumbnailUrl":"https:\/\/kontaktbeograd.rs\/wp-content\/uploads\/2022\/12\/Matjaz-Mancek-scaled.jpg","datePublished":"2022-12-06T10:48:11+00:00","dateModified":"2024-03-04T22:14:56+00:00","breadcrumb":{"@id":"https:\/\/kontaktbeograd.rs\/en\/delegates\/matjaz-mancek-sef-muzickog-programa-u-kino-siska-slo\/#breadcrumb"},"inLanguage":"en-US","potentialAction":[{"@type":"ReadAction","target":["https:\/\/kontaktbeograd.rs\/en\/delegates\/matjaz-mancek-sef-muzickog-programa-u-kino-siska-slo\/"]}]},{"@type":"ImageObject","inLanguage":"en-US","@id":"https:\/\/kontaktbeograd.rs\/en\/delegates\/matjaz-mancek-sef-muzickog-programa-u-kino-siska-slo\/#primaryimage","url":"https:\/\/kontaktbeograd.rs\/wp-content\/uploads\/2022\/12\/Matjaz-Mancek-scaled.jpg","contentUrl":"https:\/\/kontaktbeograd.rs\/wp-content\/uploads\/2022\/12\/Matjaz-Mancek-scaled.jpg","width":1709,"height":2560,"caption":"sv. Jakob 27-07-2021 - trg sv. Jakoba - Matjaz Mancek"},{"@type":"BreadcrumbList","@id":"https:\/\/kontaktbeograd.rs\/en\/delegates\/matjaz-mancek-sef-muzickog-programa-u-kino-siska-slo\/#breadcrumb","itemListElement":[{"@type":"ListItem","position":1,"name":"Home","item":"https:\/\/kontaktbeograd.rs\/en\/"},{"@type":"ListItem","position":2,"name":"Portfolio","item":"https:\/\/kontaktbeograd.rs\/sr\/delegates\/"},{"@type":"ListItem","position":3,"name":"Matja\u017e Man\u010dek (GO!2025, SLO)"}]},{"@type":"WebSite","@id":"https:\/\/kontaktbeograd.rs\/sr\/#website","url":"https:\/\/kontaktbeograd.rs\/sr\/","name":"Kontakt konferencija","description":"Kontakt 2025","publisher":{"@id":"https:\/\/kontaktbeograd.rs\/sr\/#organization"},"potentialAction":[{"@type":"SearchAction","target":{"@type":"EntryPoint","urlTemplate":"https:\/\/kontaktbeograd.rs\/sr\/?s={search_term_string}"},"query-input":{"@type":"PropertyValueSpecification","valueRequired":true,"valueName":"search_term_string"}}],"inLanguage":"en-US"},{"@type":"Organization","@id":"https:\/\/kontaktbeograd.rs\/sr\/#organization","name":"Kontakt konferencija","url":"https:\/\/kontaktbeograd.rs\/sr\/","logo":{"@type":"ImageObject","inLanguage":"en-US","@id":"https:\/\/kontaktbeograd.rs\/sr\/#\/schema\/logo\/image\/","url":"https:\/\/www.kontakt.org.rs\/wp-content\/uploads\/2023\/01\/KONTAKT_23-header-logo-3.png","contentUrl":"https:\/\/www.kontakt.org.rs\/wp-content\/uploads\/2023\/01\/KONTAKT_23-header-logo-3.png","width":706,"height":71,"caption":"Kontakt konferencija"},"image":{"@id":"https:\/\/kontaktbeograd.rs\/sr\/#\/schema\/logo\/image\/"},"sameAs":["https:\/\/www.facebook.com\/KontaktBeograd\/","https:\/\/www.instagram.com\/kontakt_beograd\/"]}]}},"_links":{"self":[{"href":"https:\/\/kontaktbeograd.rs\/en\/wp-json\/wp\/v2\/avada_portfolio\/3275","targetHints":{"allow":["GET"]}}],"collection":[{"href":"https:\/\/kontaktbeograd.rs\/en\/wp-json\/wp\/v2\/avada_portfolio"}],"about":[{"href":"https:\/\/kontaktbeograd.rs\/en\/wp-json\/wp\/v2\/types\/avada_portfolio"}],"author":[{"embeddable":true,"href":"https:\/\/kontaktbeograd.rs\/en\/wp-json\/wp\/v2\/users\/1"}],"version-history":[{"count":3,"href":"https:\/\/kontaktbeograd.rs\/en\/wp-json\/wp\/v2\/avada_portfolio\/3275\/revisions"}],"predecessor-version":[{"id":5802,"href":"https:\/\/kontaktbeograd.rs\/en\/wp-json\/wp\/v2\/avada_portfolio\/3275\/revisions\/5802"}],"wp:featuredmedia":[{"embeddable":true,"href":"https:\/\/kontaktbeograd.rs\/en\/wp-json\/wp\/v2\/media\/5799"}],"wp:attachment":[{"href":"https:\/\/kontaktbeograd.rs\/en\/wp-json\/wp\/v2\/media?parent=3275"}],"wp:term":[{"taxonomy":"portfolio_category","embeddable":true,"href":"https:\/\/kontaktbeograd.rs\/en\/wp-json\/wp\/v2\/portfolio_category?post=3275"},{"taxonomy":"portfolio_skills","embeddable":true,"href":"https:\/\/kontaktbeograd.rs\/en\/wp-json\/wp\/v2\/portfolio_skills?post=3275"},{"taxonomy":"portfolio_tags","embeddable":true,"href":"https:\/\/kontaktbeograd.rs\/en\/wp-json\/wp\/v2\/portfolio_tags?post=3275"}],"curies":[{"name":"wp","href":"https:\/\/api.w.org\/{rel}","templated":true}]}}