{"id":5437,"date":"2024-02-14T10:07:09","date_gmt":"2024-02-14T09:07:09","guid":{"rendered":"https:\/\/www.kontakt.org.rs\/delegati\/goran-jovic-radio-beograd-202-srb\/"},"modified":"2026-04-14T10:35:36","modified_gmt":"2026-04-14T08:35:36","slug":"goran-jovic-radio-beograd-202-srb","status":"publish","type":"avada_portfolio","link":"https:\/\/kontaktbeograd.rs\/en\/delegates\/goran-jovic-radio-beograd-202-srb\/","title":{"rendered":"<strong>Goran Jovi\u0107<\/strong> <br> (Fidbox, SRB)"},"content":{"rendered":"<p><span style=\"font-weight: 400;\">He was born on July 4, 1972, in Belgrade. He holds a degree in management and is the editor-in-chief of the record label Fidbox, which he founded in 2012. He has been actively involved in music since the early 1990s.<\/span><\/p>\n<p><span style=\"font-weight: 400;\">He founded his first record label, Migos Company, in 1993, and was the owner of the record label and music shop \u201cElectric Records\u201d from 1997 to 2004. From 1993 to 1996, he was one of the founders and the lead singer of the band Beverli Hils, which released the cassette album <\/span><i><span style=\"font-weight: 400;\">\u201cFru\u0161ka Gora pobediti mora\u201d<\/span><\/i><span style=\"font-weight: 400;\"> in 1995.<\/span><\/p>\n<p><span style=\"font-weight: 400;\">In 2011, he released his first solo album <\/span><i><span style=\"font-weight: 400;\">\u201cDani ljubavi\u201d<\/span><\/i><span style=\"font-weight: 400;\"> on vinyl and CD through Long Play (Belgrade). In 2019, he released a CD single via Fidbox featuring two tracks: <\/span><i><span style=\"font-weight: 400;\">\u201cBebo\u201d<\/span><\/i><span style=\"font-weight: 400;\"> (music by Miroslav Milatovi\u0107 Vicko, lyrics by Goran Jovi\u0107) and the duet <\/span><i><span style=\"font-weight: 400;\">\u201cKad do\u0111e ljubav tu pameti nema\u201d<\/span><\/i><span style=\"font-weight: 400;\"> with Vicko Milatovi\u0107 (music and lyrics by Miroslav Vicko Milatovi\u0107). On October 7, 2022, he released his second studio album <\/span><i><span style=\"font-weight: 400;\">\u201cSan koji mi se ne privi\u0111a\u201d<\/span><\/i><span style=\"font-weight: 400;\">, featuring twelve original songs. The album was released on vinyl, CD, cassette, USB, and all major digital platforms via Fidbox, accompanied by nine music videos. On November 26, 2025, he released a vinyl and CD single <\/span><i><span style=\"font-weight: 400;\">\u201cSti\u017ee nam nova godina.\u201d<\/span><\/i><\/p>\n<p><span style=\"font-weight: 400;\">Throughout his career, he has served as executive producer and editor on more than 80 music releases (vinyl and CD) in the rock and pop genres, including albums by major regional artists such as Riblja \u010corba, Bajaga i Instruktori, YU Grupa, Van Gogh, Atomsko Skloni\u0161te, Vicko Milatovi\u0107, Pe\u0111a D\u2019Boy, Nikola \u010cuturilo, Tunel, Alen Islamovi\u0107, Sr\u0111an Marjanovi\u0107, Fit, Roze Poze, Voodoo Popeye, and Boris Re\u017eak.<\/span><\/p>\n<p><span style=\"font-weight: 400;\">Last year, through Fidbox, he organized the major project <\/span><i><span style=\"font-weight: 400;\">\u201cNove srpske rock snage\u201d<\/span><\/i><span style=\"font-weight: 400;\">, resulting in a double CD release featuring 30 artists from across Serbia, each contributing one original track, published on February 13 this year. He has also organized numerous festivals, concerts, exhibitions, conferences, educational events, panels, and round tables in the field of rock and pop music.<\/span><\/p>\n","protected":false},"excerpt":{"rendered":"<p>He was born on July 4, 1972, in Belgrade. He holds a degree in management and is<\/p>\n","protected":false},"author":1,"featured_media":5447,"menu_order":0,"template":"","format":"standard","meta":{"footnotes":""},"portfolio_category":[89,100,102,81],"portfolio_skills":[],"portfolio_tags":[],"class_list":["post-5437","avada_portfolio","type-avada_portfolio","status-publish","format-standard","has-post-thumbnail","hentry","portfolio_category-2024-en","portfolio_category-2026-en","portfolio_category-2026-en-2","portfolio_category-delegates-2022"],"yoast_head":"<!-- This site is optimized with the Yoast SEO plugin v27.4 - https:\/\/yoast.com\/product\/yoast-seo-wordpress\/ -->\n<title>Goran Jovi\u0107  (Fidbox, SRB) - Kontakt konferencija<\/title>\n<meta name=\"robots\" content=\"index, follow, max-snippet:-1, max-image-preview:large, max-video-preview:-1\" \/>\n<link rel=\"canonical\" href=\"https:\/\/kontaktbeograd.rs\/en\/delegates\/goran-jovic-radio-beograd-202-srb\/\" \/>\n<meta property=\"og:locale\" content=\"en_US\" \/>\n<meta property=\"og:type\" content=\"article\" \/>\n<meta property=\"og:title\" content=\"Goran Jovi\u0107  (Fidbox, SRB) - Kontakt konferencija\" \/>\n<meta property=\"og:description\" content=\"He was born on July 4, 1972, in Belgrade. He holds a degree in management and is\" \/>\n<meta property=\"og:url\" content=\"https:\/\/kontaktbeograd.rs\/en\/delegates\/goran-jovic-radio-beograd-202-srb\/\" \/>\n<meta property=\"og:site_name\" content=\"Kontakt konferencija\" \/>\n<meta property=\"article:publisher\" content=\"https:\/\/www.facebook.com\/KontaktBeograd\/\" \/>\n<meta property=\"article:modified_time\" content=\"2026-04-14T08:35:36+00:00\" \/>\n<meta property=\"og:image\" content=\"https:\/\/kontaktbeograd.rs\/wp-content\/uploads\/2024\/02\/Goran-Jovic.jpg\" \/>\n\t<meta property=\"og:image:width\" content=\"1913\" \/>\n\t<meta property=\"og:image:height\" content=\"1360\" \/>\n\t<meta property=\"og:image:type\" content=\"image\/jpeg\" \/>\n<meta name=\"twitter:card\" content=\"summary_large_image\" \/>\n<meta name=\"twitter:label1\" content=\"Est. reading time\" \/>\n\t<meta name=\"twitter:data1\" content=\"2 minutes\" \/>\n<script type=\"application\/ld+json\" class=\"yoast-schema-graph\">{\"@context\":\"https:\\\/\\\/schema.org\",\"@graph\":[{\"@type\":\"WebPage\",\"@id\":\"https:\\\/\\\/kontaktbeograd.rs\\\/en\\\/delegates\\\/goran-jovic-radio-beograd-202-srb\\\/\",\"url\":\"https:\\\/\\\/kontaktbeograd.rs\\\/en\\\/delegates\\\/goran-jovic-radio-beograd-202-srb\\\/\",\"name\":\"Goran Jovi\u0107 (Fidbox, SRB) - Kontakt konferencija\",\"isPartOf\":{\"@id\":\"https:\\\/\\\/kontaktbeograd.rs\\\/sr\\\/#website\"},\"primaryImageOfPage\":{\"@id\":\"https:\\\/\\\/kontaktbeograd.rs\\\/en\\\/delegates\\\/goran-jovic-radio-beograd-202-srb\\\/#primaryimage\"},\"image\":{\"@id\":\"https:\\\/\\\/kontaktbeograd.rs\\\/en\\\/delegates\\\/goran-jovic-radio-beograd-202-srb\\\/#primaryimage\"},\"thumbnailUrl\":\"https:\\\/\\\/kontaktbeograd.rs\\\/wp-content\\\/uploads\\\/2024\\\/02\\\/Goran-Jovic.jpg\",\"datePublished\":\"2024-02-14T09:07:09+00:00\",\"dateModified\":\"2026-04-14T08:35:36+00:00\",\"breadcrumb\":{\"@id\":\"https:\\\/\\\/kontaktbeograd.rs\\\/en\\\/delegates\\\/goran-jovic-radio-beograd-202-srb\\\/#breadcrumb\"},\"inLanguage\":\"en-US\",\"potentialAction\":[{\"@type\":\"ReadAction\",\"target\":[\"https:\\\/\\\/kontaktbeograd.rs\\\/en\\\/delegates\\\/goran-jovic-radio-beograd-202-srb\\\/\"]}]},{\"@type\":\"ImageObject\",\"inLanguage\":\"en-US\",\"@id\":\"https:\\\/\\\/kontaktbeograd.rs\\\/en\\\/delegates\\\/goran-jovic-radio-beograd-202-srb\\\/#primaryimage\",\"url\":\"https:\\\/\\\/kontaktbeograd.rs\\\/wp-content\\\/uploads\\\/2024\\\/02\\\/Goran-Jovic.jpg\",\"contentUrl\":\"https:\\\/\\\/kontaktbeograd.rs\\\/wp-content\\\/uploads\\\/2024\\\/02\\\/Goran-Jovic.jpg\",\"width\":1913,\"height\":1360},{\"@type\":\"BreadcrumbList\",\"@id\":\"https:\\\/\\\/kontaktbeograd.rs\\\/en\\\/delegates\\\/goran-jovic-radio-beograd-202-srb\\\/#breadcrumb\",\"itemListElement\":[{\"@type\":\"ListItem\",\"position\":1,\"name\":\"Home\",\"item\":\"https:\\\/\\\/kontaktbeograd.rs\\\/en\\\/\"},{\"@type\":\"ListItem\",\"position\":2,\"name\":\"Portfolio\",\"item\":\"https:\\\/\\\/kontaktbeograd.rs\\\/sr\\\/delegates\\\/\"},{\"@type\":\"ListItem\",\"position\":3,\"name\":\"Goran Jovi\u0107 (Fidbox, SRB)\"}]},{\"@type\":\"WebSite\",\"@id\":\"https:\\\/\\\/kontaktbeograd.rs\\\/sr\\\/#website\",\"url\":\"https:\\\/\\\/kontaktbeograd.rs\\\/sr\\\/\",\"name\":\"Kontakt konferencija\",\"description\":\"Kontakt 2025\",\"publisher\":{\"@id\":\"https:\\\/\\\/kontaktbeograd.rs\\\/sr\\\/#organization\"},\"potentialAction\":[{\"@type\":\"SearchAction\",\"target\":{\"@type\":\"EntryPoint\",\"urlTemplate\":\"https:\\\/\\\/kontaktbeograd.rs\\\/sr\\\/?s={search_term_string}\"},\"query-input\":{\"@type\":\"PropertyValueSpecification\",\"valueRequired\":true,\"valueName\":\"search_term_string\"}}],\"inLanguage\":\"en-US\"},{\"@type\":\"Organization\",\"@id\":\"https:\\\/\\\/kontaktbeograd.rs\\\/sr\\\/#organization\",\"name\":\"Kontakt konferencija\",\"url\":\"https:\\\/\\\/kontaktbeograd.rs\\\/sr\\\/\",\"logo\":{\"@type\":\"ImageObject\",\"inLanguage\":\"en-US\",\"@id\":\"https:\\\/\\\/kontaktbeograd.rs\\\/sr\\\/#\\\/schema\\\/logo\\\/image\\\/\",\"url\":\"https:\\\/\\\/www.kontakt.org.rs\\\/wp-content\\\/uploads\\\/2023\\\/01\\\/KONTAKT_23-header-logo-3.png\",\"contentUrl\":\"https:\\\/\\\/www.kontakt.org.rs\\\/wp-content\\\/uploads\\\/2023\\\/01\\\/KONTAKT_23-header-logo-3.png\",\"width\":706,\"height\":71,\"caption\":\"Kontakt konferencija\"},\"image\":{\"@id\":\"https:\\\/\\\/kontaktbeograd.rs\\\/sr\\\/#\\\/schema\\\/logo\\\/image\\\/\"},\"sameAs\":[\"https:\\\/\\\/www.facebook.com\\\/KontaktBeograd\\\/\",\"https:\\\/\\\/www.instagram.com\\\/kontakt_beograd\\\/\"]}]}<\/script>\n<!-- \/ Yoast SEO plugin. -->","yoast_head_json":{"title":"Goran Jovi\u0107  (Fidbox, SRB) - Kontakt konferencija","robots":{"index":"index","follow":"follow","max-snippet":"max-snippet:-1","max-image-preview":"max-image-preview:large","max-video-preview":"max-video-preview:-1"},"canonical":"https:\/\/kontaktbeograd.rs\/en\/delegates\/goran-jovic-radio-beograd-202-srb\/","og_locale":"en_US","og_type":"article","og_title":"Goran Jovi\u0107  (Fidbox, SRB) - Kontakt konferencija","og_description":"He was born on July 4, 1972, in Belgrade. He holds a degree in management and is","og_url":"https:\/\/kontaktbeograd.rs\/en\/delegates\/goran-jovic-radio-beograd-202-srb\/","og_site_name":"Kontakt konferencija","article_publisher":"https:\/\/www.facebook.com\/KontaktBeograd\/","article_modified_time":"2026-04-14T08:35:36+00:00","og_image":[{"width":1913,"height":1360,"url":"https:\/\/kontaktbeograd.rs\/wp-content\/uploads\/2024\/02\/Goran-Jovic.jpg","type":"image\/jpeg"}],"twitter_card":"summary_large_image","twitter_misc":{"Est. reading time":"2 minutes"},"schema":{"@context":"https:\/\/schema.org","@graph":[{"@type":"WebPage","@id":"https:\/\/kontaktbeograd.rs\/en\/delegates\/goran-jovic-radio-beograd-202-srb\/","url":"https:\/\/kontaktbeograd.rs\/en\/delegates\/goran-jovic-radio-beograd-202-srb\/","name":"Goran Jovi\u0107 (Fidbox, SRB) - Kontakt konferencija","isPartOf":{"@id":"https:\/\/kontaktbeograd.rs\/sr\/#website"},"primaryImageOfPage":{"@id":"https:\/\/kontaktbeograd.rs\/en\/delegates\/goran-jovic-radio-beograd-202-srb\/#primaryimage"},"image":{"@id":"https:\/\/kontaktbeograd.rs\/en\/delegates\/goran-jovic-radio-beograd-202-srb\/#primaryimage"},"thumbnailUrl":"https:\/\/kontaktbeograd.rs\/wp-content\/uploads\/2024\/02\/Goran-Jovic.jpg","datePublished":"2024-02-14T09:07:09+00:00","dateModified":"2026-04-14T08:35:36+00:00","breadcrumb":{"@id":"https:\/\/kontaktbeograd.rs\/en\/delegates\/goran-jovic-radio-beograd-202-srb\/#breadcrumb"},"inLanguage":"en-US","potentialAction":[{"@type":"ReadAction","target":["https:\/\/kontaktbeograd.rs\/en\/delegates\/goran-jovic-radio-beograd-202-srb\/"]}]},{"@type":"ImageObject","inLanguage":"en-US","@id":"https:\/\/kontaktbeograd.rs\/en\/delegates\/goran-jovic-radio-beograd-202-srb\/#primaryimage","url":"https:\/\/kontaktbeograd.rs\/wp-content\/uploads\/2024\/02\/Goran-Jovic.jpg","contentUrl":"https:\/\/kontaktbeograd.rs\/wp-content\/uploads\/2024\/02\/Goran-Jovic.jpg","width":1913,"height":1360},{"@type":"BreadcrumbList","@id":"https:\/\/kontaktbeograd.rs\/en\/delegates\/goran-jovic-radio-beograd-202-srb\/#breadcrumb","itemListElement":[{"@type":"ListItem","position":1,"name":"Home","item":"https:\/\/kontaktbeograd.rs\/en\/"},{"@type":"ListItem","position":2,"name":"Portfolio","item":"https:\/\/kontaktbeograd.rs\/sr\/delegates\/"},{"@type":"ListItem","position":3,"name":"Goran Jovi\u0107 (Fidbox, SRB)"}]},{"@type":"WebSite","@id":"https:\/\/kontaktbeograd.rs\/sr\/#website","url":"https:\/\/kontaktbeograd.rs\/sr\/","name":"Kontakt konferencija","description":"Kontakt 2025","publisher":{"@id":"https:\/\/kontaktbeograd.rs\/sr\/#organization"},"potentialAction":[{"@type":"SearchAction","target":{"@type":"EntryPoint","urlTemplate":"https:\/\/kontaktbeograd.rs\/sr\/?s={search_term_string}"},"query-input":{"@type":"PropertyValueSpecification","valueRequired":true,"valueName":"search_term_string"}}],"inLanguage":"en-US"},{"@type":"Organization","@id":"https:\/\/kontaktbeograd.rs\/sr\/#organization","name":"Kontakt konferencija","url":"https:\/\/kontaktbeograd.rs\/sr\/","logo":{"@type":"ImageObject","inLanguage":"en-US","@id":"https:\/\/kontaktbeograd.rs\/sr\/#\/schema\/logo\/image\/","url":"https:\/\/www.kontakt.org.rs\/wp-content\/uploads\/2023\/01\/KONTAKT_23-header-logo-3.png","contentUrl":"https:\/\/www.kontakt.org.rs\/wp-content\/uploads\/2023\/01\/KONTAKT_23-header-logo-3.png","width":706,"height":71,"caption":"Kontakt konferencija"},"image":{"@id":"https:\/\/kontaktbeograd.rs\/sr\/#\/schema\/logo\/image\/"},"sameAs":["https:\/\/www.facebook.com\/KontaktBeograd\/","https:\/\/www.instagram.com\/kontakt_beograd\/"]}]}},"_links":{"self":[{"href":"https:\/\/kontaktbeograd.rs\/en\/wp-json\/wp\/v2\/avada_portfolio\/5437","targetHints":{"allow":["GET"]}}],"collection":[{"href":"https:\/\/kontaktbeograd.rs\/en\/wp-json\/wp\/v2\/avada_portfolio"}],"about":[{"href":"https:\/\/kontaktbeograd.rs\/en\/wp-json\/wp\/v2\/types\/avada_portfolio"}],"author":[{"embeddable":true,"href":"https:\/\/kontaktbeograd.rs\/en\/wp-json\/wp\/v2\/users\/1"}],"version-history":[{"count":2,"href":"https:\/\/kontaktbeograd.rs\/en\/wp-json\/wp\/v2\/avada_portfolio\/5437\/revisions"}],"predecessor-version":[{"id":10273,"href":"https:\/\/kontaktbeograd.rs\/en\/wp-json\/wp\/v2\/avada_portfolio\/5437\/revisions\/10273"}],"wp:featuredmedia":[{"embeddable":true,"href":"https:\/\/kontaktbeograd.rs\/en\/wp-json\/wp\/v2\/media\/5447"}],"wp:attachment":[{"href":"https:\/\/kontaktbeograd.rs\/en\/wp-json\/wp\/v2\/media?parent=5437"}],"wp:term":[{"taxonomy":"portfolio_category","embeddable":true,"href":"https:\/\/kontaktbeograd.rs\/en\/wp-json\/wp\/v2\/portfolio_category?post=5437"},{"taxonomy":"portfolio_skills","embeddable":true,"href":"https:\/\/kontaktbeograd.rs\/en\/wp-json\/wp\/v2\/portfolio_skills?post=5437"},{"taxonomy":"portfolio_tags","embeddable":true,"href":"https:\/\/kontaktbeograd.rs\/en\/wp-json\/wp\/v2\/portfolio_tags?post=5437"}],"curies":[{"name":"wp","href":"https:\/\/api.w.org\/{rel}","templated":true}]}}