{"id":10159,"date":"2026-04-12T12:14:32","date_gmt":"2026-04-12T10:14:32","guid":{"rendered":"https:\/\/kontaktbeograd.rs\/?post_type=avada_portfolio&#038;p=10159"},"modified":"2026-04-12T12:14:32","modified_gmt":"2026-04-12T10:14:32","slug":"marko-djukic-kontra-rights-srb","status":"publish","type":"avada_portfolio","link":"https:\/\/kontaktbeograd.rs\/sr\/delegates\/marko-djukic-kontra-rights-srb\/","title":{"rendered":"<strong>Marko \u0110uki\u0107 <\/strong> <br> (Kontra Rights, SRB)"},"content":{"rendered":"<p>Marko \u0110uki\u0107 is a Belgrade-based music professional specializing in artist management, touring, and booking. He works closely with artists on developing their careers, including ongoing artist management for the band Turbo Trans Turisti. He is also the tour and production manager for Bu\u010d Kesidi, one of the leading bands in the regional music scene, overseeing all aspects of their live performances and touring operations. In addition, Marko is active in booking for multiple artists as part of the independent label Kontra Rights, contributing to artist development, project positioning, and concert organization.<\/p>\n","protected":false},"excerpt":{"rendered":"<p>Marko \u0110uki\u0107 is a Belgrade-based music professional specializing in artist management, touring, and booking. He works closely<\/p>\n","protected":false},"author":6,"featured_media":10160,"menu_order":0,"template":"","format":"standard","meta":{"footnotes":""},"portfolio_category":[99],"portfolio_skills":[],"portfolio_tags":[],"class_list":["post-10159","avada_portfolio","type-avada_portfolio","status-publish","format-standard","has-post-thumbnail","hentry","portfolio_category-99"],"yoast_head":"<!-- This site is optimized with the Yoast SEO plugin v27.4 - https:\/\/yoast.com\/product\/yoast-seo-wordpress\/ -->\n<title>Marko \u0110uki\u0107   (Kontra Rights, SRB) - Kontakt konferencija<\/title>\n<meta name=\"robots\" content=\"index, follow, max-snippet:-1, max-image-preview:large, max-video-preview:-1\" \/>\n<link rel=\"canonical\" href=\"https:\/\/kontaktbeograd.rs\/sr\/delegates\/marko-djukic-kontra-rights-srb\/\" \/>\n<meta property=\"og:locale\" content=\"sr_RS\" \/>\n<meta property=\"og:type\" content=\"article\" \/>\n<meta property=\"og:title\" content=\"Marko \u0110uki\u0107   (Kontra Rights, SRB) - Kontakt konferencija\" \/>\n<meta property=\"og:description\" content=\"Marko \u0110uki\u0107 is a Belgrade-based music professional specializing in artist management, touring, and booking. He works closely\" \/>\n<meta property=\"og:url\" content=\"https:\/\/kontaktbeograd.rs\/sr\/delegates\/marko-djukic-kontra-rights-srb\/\" \/>\n<meta property=\"og:site_name\" content=\"Kontakt konferencija\" \/>\n<meta property=\"article:publisher\" content=\"https:\/\/www.facebook.com\/KontaktBeograd\/\" \/>\n<meta property=\"og:image\" content=\"https:\/\/kontaktbeograd.rs\/wp-content\/uploads\/2026\/04\/000005.jpg\" \/>\n\t<meta property=\"og:image:width\" content=\"1280\" \/>\n\t<meta property=\"og:image:height\" content=\"1053\" \/>\n\t<meta property=\"og:image:type\" content=\"image\/jpeg\" \/>\n<meta name=\"twitter:card\" content=\"summary_large_image\" \/>\n<meta name=\"twitter:label1\" content=\"Procenjeno vreme \u010ditanja\" \/>\n\t<meta name=\"twitter:data1\" content=\"1 minut\" \/>\n<script type=\"application\/ld+json\" class=\"yoast-schema-graph\">{\"@context\":\"https:\\\/\\\/schema.org\",\"@graph\":[{\"@type\":\"WebPage\",\"@id\":\"https:\\\/\\\/kontaktbeograd.rs\\\/sr\\\/delegates\\\/marko-djukic-kontra-rights-srb\\\/\",\"url\":\"https:\\\/\\\/kontaktbeograd.rs\\\/sr\\\/delegates\\\/marko-djukic-kontra-rights-srb\\\/\",\"name\":\"Marko \u0110uki\u0107 (Kontra Rights, SRB) - Kontakt konferencija\",\"isPartOf\":{\"@id\":\"https:\\\/\\\/kontaktbeograd.rs\\\/sr\\\/#website\"},\"primaryImageOfPage\":{\"@id\":\"https:\\\/\\\/kontaktbeograd.rs\\\/sr\\\/delegates\\\/marko-djukic-kontra-rights-srb\\\/#primaryimage\"},\"image\":{\"@id\":\"https:\\\/\\\/kontaktbeograd.rs\\\/sr\\\/delegates\\\/marko-djukic-kontra-rights-srb\\\/#primaryimage\"},\"thumbnailUrl\":\"https:\\\/\\\/kontaktbeograd.rs\\\/wp-content\\\/uploads\\\/2026\\\/04\\\/000005.jpg\",\"datePublished\":\"2026-04-12T10:14:32+00:00\",\"breadcrumb\":{\"@id\":\"https:\\\/\\\/kontaktbeograd.rs\\\/sr\\\/delegates\\\/marko-djukic-kontra-rights-srb\\\/#breadcrumb\"},\"inLanguage\":\"sr-RS\",\"potentialAction\":[{\"@type\":\"ReadAction\",\"target\":[\"https:\\\/\\\/kontaktbeograd.rs\\\/sr\\\/delegates\\\/marko-djukic-kontra-rights-srb\\\/\"]}]},{\"@type\":\"ImageObject\",\"inLanguage\":\"sr-RS\",\"@id\":\"https:\\\/\\\/kontaktbeograd.rs\\\/sr\\\/delegates\\\/marko-djukic-kontra-rights-srb\\\/#primaryimage\",\"url\":\"https:\\\/\\\/kontaktbeograd.rs\\\/wp-content\\\/uploads\\\/2026\\\/04\\\/000005.jpg\",\"contentUrl\":\"https:\\\/\\\/kontaktbeograd.rs\\\/wp-content\\\/uploads\\\/2026\\\/04\\\/000005.jpg\",\"width\":1280,\"height\":1053},{\"@type\":\"BreadcrumbList\",\"@id\":\"https:\\\/\\\/kontaktbeograd.rs\\\/sr\\\/delegates\\\/marko-djukic-kontra-rights-srb\\\/#breadcrumb\",\"itemListElement\":[{\"@type\":\"ListItem\",\"position\":1,\"name\":\"Home\",\"item\":\"https:\\\/\\\/kontaktbeograd.rs\\\/sr\\\/\"},{\"@type\":\"ListItem\",\"position\":2,\"name\":\"Portfolio\",\"item\":\"https:\\\/\\\/kontaktbeograd.rs\\\/sr\\\/delegates\\\/\"},{\"@type\":\"ListItem\",\"position\":3,\"name\":\"Marko \u0110uki\u0107 (Kontra Rights, SRB)\"}]},{\"@type\":\"WebSite\",\"@id\":\"https:\\\/\\\/kontaktbeograd.rs\\\/sr\\\/#website\",\"url\":\"https:\\\/\\\/kontaktbeograd.rs\\\/sr\\\/\",\"name\":\"Kontakt konferencija\",\"description\":\"Kontakt 2025\",\"publisher\":{\"@id\":\"https:\\\/\\\/kontaktbeograd.rs\\\/sr\\\/#organization\"},\"potentialAction\":[{\"@type\":\"SearchAction\",\"target\":{\"@type\":\"EntryPoint\",\"urlTemplate\":\"https:\\\/\\\/kontaktbeograd.rs\\\/sr\\\/?s={search_term_string}\"},\"query-input\":{\"@type\":\"PropertyValueSpecification\",\"valueRequired\":true,\"valueName\":\"search_term_string\"}}],\"inLanguage\":\"sr-RS\"},{\"@type\":\"Organization\",\"@id\":\"https:\\\/\\\/kontaktbeograd.rs\\\/sr\\\/#organization\",\"name\":\"Kontakt konferencija\",\"url\":\"https:\\\/\\\/kontaktbeograd.rs\\\/sr\\\/\",\"logo\":{\"@type\":\"ImageObject\",\"inLanguage\":\"sr-RS\",\"@id\":\"https:\\\/\\\/kontaktbeograd.rs\\\/sr\\\/#\\\/schema\\\/logo\\\/image\\\/\",\"url\":\"https:\\\/\\\/www.kontakt.org.rs\\\/wp-content\\\/uploads\\\/2023\\\/01\\\/KONTAKT_23-header-logo-3.png\",\"contentUrl\":\"https:\\\/\\\/www.kontakt.org.rs\\\/wp-content\\\/uploads\\\/2023\\\/01\\\/KONTAKT_23-header-logo-3.png\",\"width\":706,\"height\":71,\"caption\":\"Kontakt konferencija\"},\"image\":{\"@id\":\"https:\\\/\\\/kontaktbeograd.rs\\\/sr\\\/#\\\/schema\\\/logo\\\/image\\\/\"},\"sameAs\":[\"https:\\\/\\\/www.facebook.com\\\/KontaktBeograd\\\/\",\"https:\\\/\\\/www.instagram.com\\\/kontakt_beograd\\\/\"]}]}<\/script>\n<!-- \/ Yoast SEO plugin. -->","yoast_head_json":{"title":"Marko \u0110uki\u0107   (Kontra Rights, SRB) - Kontakt konferencija","robots":{"index":"index","follow":"follow","max-snippet":"max-snippet:-1","max-image-preview":"max-image-preview:large","max-video-preview":"max-video-preview:-1"},"canonical":"https:\/\/kontaktbeograd.rs\/sr\/delegates\/marko-djukic-kontra-rights-srb\/","og_locale":"sr_RS","og_type":"article","og_title":"Marko \u0110uki\u0107   (Kontra Rights, SRB) - Kontakt konferencija","og_description":"Marko \u0110uki\u0107 is a Belgrade-based music professional specializing in artist management, touring, and booking. He works closely","og_url":"https:\/\/kontaktbeograd.rs\/sr\/delegates\/marko-djukic-kontra-rights-srb\/","og_site_name":"Kontakt konferencija","article_publisher":"https:\/\/www.facebook.com\/KontaktBeograd\/","og_image":[{"width":1280,"height":1053,"url":"https:\/\/kontaktbeograd.rs\/wp-content\/uploads\/2026\/04\/000005.jpg","type":"image\/jpeg"}],"twitter_card":"summary_large_image","twitter_misc":{"Procenjeno vreme \u010ditanja":"1 minut"},"schema":{"@context":"https:\/\/schema.org","@graph":[{"@type":"WebPage","@id":"https:\/\/kontaktbeograd.rs\/sr\/delegates\/marko-djukic-kontra-rights-srb\/","url":"https:\/\/kontaktbeograd.rs\/sr\/delegates\/marko-djukic-kontra-rights-srb\/","name":"Marko \u0110uki\u0107 (Kontra Rights, SRB) - Kontakt konferencija","isPartOf":{"@id":"https:\/\/kontaktbeograd.rs\/sr\/#website"},"primaryImageOfPage":{"@id":"https:\/\/kontaktbeograd.rs\/sr\/delegates\/marko-djukic-kontra-rights-srb\/#primaryimage"},"image":{"@id":"https:\/\/kontaktbeograd.rs\/sr\/delegates\/marko-djukic-kontra-rights-srb\/#primaryimage"},"thumbnailUrl":"https:\/\/kontaktbeograd.rs\/wp-content\/uploads\/2026\/04\/000005.jpg","datePublished":"2026-04-12T10:14:32+00:00","breadcrumb":{"@id":"https:\/\/kontaktbeograd.rs\/sr\/delegates\/marko-djukic-kontra-rights-srb\/#breadcrumb"},"inLanguage":"sr-RS","potentialAction":[{"@type":"ReadAction","target":["https:\/\/kontaktbeograd.rs\/sr\/delegates\/marko-djukic-kontra-rights-srb\/"]}]},{"@type":"ImageObject","inLanguage":"sr-RS","@id":"https:\/\/kontaktbeograd.rs\/sr\/delegates\/marko-djukic-kontra-rights-srb\/#primaryimage","url":"https:\/\/kontaktbeograd.rs\/wp-content\/uploads\/2026\/04\/000005.jpg","contentUrl":"https:\/\/kontaktbeograd.rs\/wp-content\/uploads\/2026\/04\/000005.jpg","width":1280,"height":1053},{"@type":"BreadcrumbList","@id":"https:\/\/kontaktbeograd.rs\/sr\/delegates\/marko-djukic-kontra-rights-srb\/#breadcrumb","itemListElement":[{"@type":"ListItem","position":1,"name":"Home","item":"https:\/\/kontaktbeograd.rs\/sr\/"},{"@type":"ListItem","position":2,"name":"Portfolio","item":"https:\/\/kontaktbeograd.rs\/sr\/delegates\/"},{"@type":"ListItem","position":3,"name":"Marko \u0110uki\u0107 (Kontra Rights, SRB)"}]},{"@type":"WebSite","@id":"https:\/\/kontaktbeograd.rs\/sr\/#website","url":"https:\/\/kontaktbeograd.rs\/sr\/","name":"Kontakt konferencija","description":"Kontakt 2025","publisher":{"@id":"https:\/\/kontaktbeograd.rs\/sr\/#organization"},"potentialAction":[{"@type":"SearchAction","target":{"@type":"EntryPoint","urlTemplate":"https:\/\/kontaktbeograd.rs\/sr\/?s={search_term_string}"},"query-input":{"@type":"PropertyValueSpecification","valueRequired":true,"valueName":"search_term_string"}}],"inLanguage":"sr-RS"},{"@type":"Organization","@id":"https:\/\/kontaktbeograd.rs\/sr\/#organization","name":"Kontakt konferencija","url":"https:\/\/kontaktbeograd.rs\/sr\/","logo":{"@type":"ImageObject","inLanguage":"sr-RS","@id":"https:\/\/kontaktbeograd.rs\/sr\/#\/schema\/logo\/image\/","url":"https:\/\/www.kontakt.org.rs\/wp-content\/uploads\/2023\/01\/KONTAKT_23-header-logo-3.png","contentUrl":"https:\/\/www.kontakt.org.rs\/wp-content\/uploads\/2023\/01\/KONTAKT_23-header-logo-3.png","width":706,"height":71,"caption":"Kontakt konferencija"},"image":{"@id":"https:\/\/kontaktbeograd.rs\/sr\/#\/schema\/logo\/image\/"},"sameAs":["https:\/\/www.facebook.com\/KontaktBeograd\/","https:\/\/www.instagram.com\/kontakt_beograd\/"]}]}},"_links":{"self":[{"href":"https:\/\/kontaktbeograd.rs\/sr\/wp-json\/wp\/v2\/avada_portfolio\/10159","targetHints":{"allow":["GET"]}}],"collection":[{"href":"https:\/\/kontaktbeograd.rs\/sr\/wp-json\/wp\/v2\/avada_portfolio"}],"about":[{"href":"https:\/\/kontaktbeograd.rs\/sr\/wp-json\/wp\/v2\/types\/avada_portfolio"}],"author":[{"embeddable":true,"href":"https:\/\/kontaktbeograd.rs\/sr\/wp-json\/wp\/v2\/users\/6"}],"version-history":[{"count":1,"href":"https:\/\/kontaktbeograd.rs\/sr\/wp-json\/wp\/v2\/avada_portfolio\/10159\/revisions"}],"predecessor-version":[{"id":10162,"href":"https:\/\/kontaktbeograd.rs\/sr\/wp-json\/wp\/v2\/avada_portfolio\/10159\/revisions\/10162"}],"wp:featuredmedia":[{"embeddable":true,"href":"https:\/\/kontaktbeograd.rs\/sr\/wp-json\/wp\/v2\/media\/10160"}],"wp:attachment":[{"href":"https:\/\/kontaktbeograd.rs\/sr\/wp-json\/wp\/v2\/media?parent=10159"}],"wp:term":[{"taxonomy":"portfolio_category","embeddable":true,"href":"https:\/\/kontaktbeograd.rs\/sr\/wp-json\/wp\/v2\/portfolio_category?post=10159"},{"taxonomy":"portfolio_skills","embeddable":true,"href":"https:\/\/kontaktbeograd.rs\/sr\/wp-json\/wp\/v2\/portfolio_skills?post=10159"},{"taxonomy":"portfolio_tags","embeddable":true,"href":"https:\/\/kontaktbeograd.rs\/sr\/wp-json\/wp\/v2\/portfolio_tags?post=10159"}],"curies":[{"name":"wp","href":"https:\/\/api.w.org\/{rel}","templated":true}]}}