{"id":10625,"date":"2026-04-16T10:41:25","date_gmt":"2026-04-16T08:41:25","guid":{"rendered":"https:\/\/kontaktbeograd.rs\/?post_type=avada_portfolio&#038;p=10625"},"modified":"2026-04-16T10:41:25","modified_gmt":"2026-04-16T08:41:25","slug":"olga-kepcija-radio-beograd-202-srb","status":"publish","type":"avada_portfolio","link":"https:\/\/kontaktbeograd.rs\/sr\/delegates\/olga-kepcija-radio-beograd-202-srb\/","title":{"rendered":"<strong>Olga Kep\u010dija<\/strong> <br> (Radio Beograd 202, SRB)"},"content":{"rendered":"<p><span style=\"font-weight: 400;\">Na Programu 202, u redskciji Jutarnjeg programa, po\u010dinje da radi 1988. godine po zavr\u0161etku srednje \u0161kole. Po\u010detkom 2001.\u00a0 po\u010dinje da ure\u0111uje emisiju posve\u0107enu mladim bendovima &#8211; Demo ekspres. U istom periodu postaje voditelj emisije Hit nedelje koja je obele\u017eila njen rad na Programu 202. Kao autor i voditelj, Olga Kep\u010dija potpisuje emisije Linija za rokenrol doma\u0107e muzike i Demo Ekspres. U periodu nakon 2008. godine prire\u0111uje godi\u0161nji izbor najboljih doma\u0107ih i izvo\u0111a\u010da iz regiona biv\u0161e Jugoslavije u domenu rok muzike pod nazivom Rok godi\u0161njak. U okviru emisija Demo Ekspres i Hit 202 sa kolegom Vladimirom Jankovi\u0107em D\u017detom organizovala je preko 400 emiisja i koncerata \u0161irom Srbije u okviru turneje Karavan 202. Bila je jedan od pokreta\u010da takmi\u010darskog festivala mladih i neafirmisanih rok grupa pod nazivom Demo masters.\u00a0 Zajedno sa Vladimirom Jankovi\u0107em D\u017detom, dobitnica je Godi\u0161nje nagrade RTS. Sa kolegama Brankom Glavonji\u0107 I Vladimirom Jankovi\u0107em orgaizovala je prvo televizijsko takmi\u010denje mladih bendova \u2013 BUNT ROK MASTERS. Godine 2021. prire\u0111uje kompilaciju \u201e100 originalnih pjesama novog talasa\/vala\u201c u sklopu obele\u017eavanja jubileja \u2013 \u010detiri decenije od nastanka ovog zna\u010dajnog umetni\u010dkog pokreta. Iste godine sa kolegom Nikolom Kne\u017eevi\u0107em realizuje dokumenatrni film \u201cNovi talas \u2013 40 godina posle\u201d. Iste godine realizuje serijal od 40 emisija posve\u0107enih novom talasu.\u00a0 Dobitnica je presti\u017enog priznanja \u2013 Povelje za dorpinos u razvoju muzi\u010dkog stvarala\u0161tva i interpretacije na polju d\u017eeza, zabavne I rok muzike koju dodeljuje Udru\u017eenje muzi\u010dara jazz, pop i rock muzike, a u okviru manifestacije GODUM.<\/span><\/p>\n<p><span style=\"font-weight: 400;\">Godine 2025. objavila je, uz podr\u0161ku SOKOJ-a knjigu \u201eRazgovori kod Zlatnog papagaja\u201c koja je postigla izuzetan uspeh. Knjiga je promovisana u bibliotekama \u0161irom Srbije kao i na brojnim muzi\u010dkim manifestacijama i festivalima. Udru\u017eenje \u201eNeki rok\u201c je nedavni autorki dodelio priznanje za \u201eKnjigu godine\u201c.<\/span><\/p>\n","protected":false},"excerpt":{"rendered":"<p>Na Programu 202, u redskciji Jutarnjeg programa, po\u010dinje da radi 1988. godine po zavr\u0161etku srednje \u0161kole. Po\u010detkom<\/p>\n","protected":false},"author":6,"featured_media":10626,"menu_order":0,"template":"","format":"standard","meta":{"footnotes":""},"portfolio_category":[99,104],"portfolio_skills":[],"portfolio_tags":[],"class_list":["post-10625","avada_portfolio","type-avada_portfolio","status-publish","format-standard","has-post-thumbnail","hentry","portfolio_category-99","portfolio_category-2026-en-3"],"yoast_head":"<!-- This site is optimized with the Yoast SEO plugin v27.4 - https:\/\/yoast.com\/product\/yoast-seo-wordpress\/ -->\n<title>Olga Kep\u010dija  (Radio Beograd 202, SRB) - Kontakt konferencija<\/title>\n<meta name=\"robots\" content=\"index, follow, max-snippet:-1, max-image-preview:large, max-video-preview:-1\" \/>\n<link rel=\"canonical\" href=\"https:\/\/kontaktbeograd.rs\/sr\/delegates\/olga-kepcija-radio-beograd-202-srb\/\" \/>\n<meta property=\"og:locale\" content=\"sr_RS\" \/>\n<meta property=\"og:type\" content=\"article\" \/>\n<meta property=\"og:title\" content=\"Olga Kep\u010dija  (Radio Beograd 202, SRB) - Kontakt konferencija\" \/>\n<meta property=\"og:description\" content=\"Na Programu 202, u redskciji Jutarnjeg programa, po\u010dinje da radi 1988. godine po zavr\u0161etku srednje \u0161kole. Po\u010detkom\" \/>\n<meta property=\"og:url\" content=\"https:\/\/kontaktbeograd.rs\/sr\/delegates\/olga-kepcija-radio-beograd-202-srb\/\" \/>\n<meta property=\"og:site_name\" content=\"Kontakt konferencija\" \/>\n<meta property=\"article:publisher\" content=\"https:\/\/www.facebook.com\/KontaktBeograd\/\" \/>\n<meta property=\"og:image\" content=\"https:\/\/kontaktbeograd.rs\/wp-content\/uploads\/2026\/04\/Olga-Kepc\u030cija.jpeg\" \/>\n\t<meta property=\"og:image:width\" content=\"1200\" \/>\n\t<meta property=\"og:image:height\" content=\"1200\" \/>\n\t<meta property=\"og:image:type\" content=\"image\/jpeg\" \/>\n<meta name=\"twitter:card\" content=\"summary_large_image\" \/>\n<meta name=\"twitter:label1\" content=\"Procenjeno vreme \u010ditanja\" \/>\n\t<meta name=\"twitter:data1\" content=\"1 minut\" \/>\n<script type=\"application\/ld+json\" class=\"yoast-schema-graph\">{\"@context\":\"https:\\\/\\\/schema.org\",\"@graph\":[{\"@type\":\"WebPage\",\"@id\":\"https:\\\/\\\/kontaktbeograd.rs\\\/sr\\\/delegates\\\/olga-kepcija-radio-beograd-202-srb\\\/\",\"url\":\"https:\\\/\\\/kontaktbeograd.rs\\\/sr\\\/delegates\\\/olga-kepcija-radio-beograd-202-srb\\\/\",\"name\":\"Olga Kep\u010dija (Radio Beograd 202, SRB) - Kontakt konferencija\",\"isPartOf\":{\"@id\":\"https:\\\/\\\/kontaktbeograd.rs\\\/sr\\\/#website\"},\"primaryImageOfPage\":{\"@id\":\"https:\\\/\\\/kontaktbeograd.rs\\\/sr\\\/delegates\\\/olga-kepcija-radio-beograd-202-srb\\\/#primaryimage\"},\"image\":{\"@id\":\"https:\\\/\\\/kontaktbeograd.rs\\\/sr\\\/delegates\\\/olga-kepcija-radio-beograd-202-srb\\\/#primaryimage\"},\"thumbnailUrl\":\"https:\\\/\\\/kontaktbeograd.rs\\\/wp-content\\\/uploads\\\/2026\\\/04\\\/Olga-Kepc\u030cija.jpeg\",\"datePublished\":\"2026-04-16T08:41:25+00:00\",\"breadcrumb\":{\"@id\":\"https:\\\/\\\/kontaktbeograd.rs\\\/sr\\\/delegates\\\/olga-kepcija-radio-beograd-202-srb\\\/#breadcrumb\"},\"inLanguage\":\"sr-RS\",\"potentialAction\":[{\"@type\":\"ReadAction\",\"target\":[\"https:\\\/\\\/kontaktbeograd.rs\\\/sr\\\/delegates\\\/olga-kepcija-radio-beograd-202-srb\\\/\"]}]},{\"@type\":\"ImageObject\",\"inLanguage\":\"sr-RS\",\"@id\":\"https:\\\/\\\/kontaktbeograd.rs\\\/sr\\\/delegates\\\/olga-kepcija-radio-beograd-202-srb\\\/#primaryimage\",\"url\":\"https:\\\/\\\/kontaktbeograd.rs\\\/wp-content\\\/uploads\\\/2026\\\/04\\\/Olga-Kepc\u030cija.jpeg\",\"contentUrl\":\"https:\\\/\\\/kontaktbeograd.rs\\\/wp-content\\\/uploads\\\/2026\\\/04\\\/Olga-Kepc\u030cija.jpeg\",\"width\":1200,\"height\":1200},{\"@type\":\"BreadcrumbList\",\"@id\":\"https:\\\/\\\/kontaktbeograd.rs\\\/sr\\\/delegates\\\/olga-kepcija-radio-beograd-202-srb\\\/#breadcrumb\",\"itemListElement\":[{\"@type\":\"ListItem\",\"position\":1,\"name\":\"Home\",\"item\":\"https:\\\/\\\/kontaktbeograd.rs\\\/sr\\\/\"},{\"@type\":\"ListItem\",\"position\":2,\"name\":\"Portfolio\",\"item\":\"https:\\\/\\\/kontaktbeograd.rs\\\/sr\\\/delegates\\\/\"},{\"@type\":\"ListItem\",\"position\":3,\"name\":\"Olga Kep\u010dija (Radio Beograd 202, SRB)\"}]},{\"@type\":\"WebSite\",\"@id\":\"https:\\\/\\\/kontaktbeograd.rs\\\/sr\\\/#website\",\"url\":\"https:\\\/\\\/kontaktbeograd.rs\\\/sr\\\/\",\"name\":\"Kontakt konferencija\",\"description\":\"Kontakt 2025\",\"publisher\":{\"@id\":\"https:\\\/\\\/kontaktbeograd.rs\\\/sr\\\/#organization\"},\"potentialAction\":[{\"@type\":\"SearchAction\",\"target\":{\"@type\":\"EntryPoint\",\"urlTemplate\":\"https:\\\/\\\/kontaktbeograd.rs\\\/sr\\\/?s={search_term_string}\"},\"query-input\":{\"@type\":\"PropertyValueSpecification\",\"valueRequired\":true,\"valueName\":\"search_term_string\"}}],\"inLanguage\":\"sr-RS\"},{\"@type\":\"Organization\",\"@id\":\"https:\\\/\\\/kontaktbeograd.rs\\\/sr\\\/#organization\",\"name\":\"Kontakt konferencija\",\"url\":\"https:\\\/\\\/kontaktbeograd.rs\\\/sr\\\/\",\"logo\":{\"@type\":\"ImageObject\",\"inLanguage\":\"sr-RS\",\"@id\":\"https:\\\/\\\/kontaktbeograd.rs\\\/sr\\\/#\\\/schema\\\/logo\\\/image\\\/\",\"url\":\"https:\\\/\\\/www.kontakt.org.rs\\\/wp-content\\\/uploads\\\/2023\\\/01\\\/KONTAKT_23-header-logo-3.png\",\"contentUrl\":\"https:\\\/\\\/www.kontakt.org.rs\\\/wp-content\\\/uploads\\\/2023\\\/01\\\/KONTAKT_23-header-logo-3.png\",\"width\":706,\"height\":71,\"caption\":\"Kontakt konferencija\"},\"image\":{\"@id\":\"https:\\\/\\\/kontaktbeograd.rs\\\/sr\\\/#\\\/schema\\\/logo\\\/image\\\/\"},\"sameAs\":[\"https:\\\/\\\/www.facebook.com\\\/KontaktBeograd\\\/\",\"https:\\\/\\\/www.instagram.com\\\/kontakt_beograd\\\/\"]}]}<\/script>\n<!-- \/ Yoast SEO plugin. -->","yoast_head_json":{"title":"Olga Kep\u010dija  (Radio Beograd 202, SRB) - Kontakt konferencija","robots":{"index":"index","follow":"follow","max-snippet":"max-snippet:-1","max-image-preview":"max-image-preview:large","max-video-preview":"max-video-preview:-1"},"canonical":"https:\/\/kontaktbeograd.rs\/sr\/delegates\/olga-kepcija-radio-beograd-202-srb\/","og_locale":"sr_RS","og_type":"article","og_title":"Olga Kep\u010dija  (Radio Beograd 202, SRB) - Kontakt konferencija","og_description":"Na Programu 202, u redskciji Jutarnjeg programa, po\u010dinje da radi 1988. godine po zavr\u0161etku srednje \u0161kole. Po\u010detkom","og_url":"https:\/\/kontaktbeograd.rs\/sr\/delegates\/olga-kepcija-radio-beograd-202-srb\/","og_site_name":"Kontakt konferencija","article_publisher":"https:\/\/www.facebook.com\/KontaktBeograd\/","og_image":[{"width":1200,"height":1200,"url":"https:\/\/kontaktbeograd.rs\/wp-content\/uploads\/2026\/04\/Olga-Kepc\u030cija.jpeg","type":"image\/jpeg"}],"twitter_card":"summary_large_image","twitter_misc":{"Procenjeno vreme \u010ditanja":"1 minut"},"schema":{"@context":"https:\/\/schema.org","@graph":[{"@type":"WebPage","@id":"https:\/\/kontaktbeograd.rs\/sr\/delegates\/olga-kepcija-radio-beograd-202-srb\/","url":"https:\/\/kontaktbeograd.rs\/sr\/delegates\/olga-kepcija-radio-beograd-202-srb\/","name":"Olga Kep\u010dija (Radio Beograd 202, SRB) - Kontakt konferencija","isPartOf":{"@id":"https:\/\/kontaktbeograd.rs\/sr\/#website"},"primaryImageOfPage":{"@id":"https:\/\/kontaktbeograd.rs\/sr\/delegates\/olga-kepcija-radio-beograd-202-srb\/#primaryimage"},"image":{"@id":"https:\/\/kontaktbeograd.rs\/sr\/delegates\/olga-kepcija-radio-beograd-202-srb\/#primaryimage"},"thumbnailUrl":"https:\/\/kontaktbeograd.rs\/wp-content\/uploads\/2026\/04\/Olga-Kepc\u030cija.jpeg","datePublished":"2026-04-16T08:41:25+00:00","breadcrumb":{"@id":"https:\/\/kontaktbeograd.rs\/sr\/delegates\/olga-kepcija-radio-beograd-202-srb\/#breadcrumb"},"inLanguage":"sr-RS","potentialAction":[{"@type":"ReadAction","target":["https:\/\/kontaktbeograd.rs\/sr\/delegates\/olga-kepcija-radio-beograd-202-srb\/"]}]},{"@type":"ImageObject","inLanguage":"sr-RS","@id":"https:\/\/kontaktbeograd.rs\/sr\/delegates\/olga-kepcija-radio-beograd-202-srb\/#primaryimage","url":"https:\/\/kontaktbeograd.rs\/wp-content\/uploads\/2026\/04\/Olga-Kepc\u030cija.jpeg","contentUrl":"https:\/\/kontaktbeograd.rs\/wp-content\/uploads\/2026\/04\/Olga-Kepc\u030cija.jpeg","width":1200,"height":1200},{"@type":"BreadcrumbList","@id":"https:\/\/kontaktbeograd.rs\/sr\/delegates\/olga-kepcija-radio-beograd-202-srb\/#breadcrumb","itemListElement":[{"@type":"ListItem","position":1,"name":"Home","item":"https:\/\/kontaktbeograd.rs\/sr\/"},{"@type":"ListItem","position":2,"name":"Portfolio","item":"https:\/\/kontaktbeograd.rs\/sr\/delegates\/"},{"@type":"ListItem","position":3,"name":"Olga Kep\u010dija (Radio Beograd 202, SRB)"}]},{"@type":"WebSite","@id":"https:\/\/kontaktbeograd.rs\/sr\/#website","url":"https:\/\/kontaktbeograd.rs\/sr\/","name":"Kontakt konferencija","description":"Kontakt 2025","publisher":{"@id":"https:\/\/kontaktbeograd.rs\/sr\/#organization"},"potentialAction":[{"@type":"SearchAction","target":{"@type":"EntryPoint","urlTemplate":"https:\/\/kontaktbeograd.rs\/sr\/?s={search_term_string}"},"query-input":{"@type":"PropertyValueSpecification","valueRequired":true,"valueName":"search_term_string"}}],"inLanguage":"sr-RS"},{"@type":"Organization","@id":"https:\/\/kontaktbeograd.rs\/sr\/#organization","name":"Kontakt konferencija","url":"https:\/\/kontaktbeograd.rs\/sr\/","logo":{"@type":"ImageObject","inLanguage":"sr-RS","@id":"https:\/\/kontaktbeograd.rs\/sr\/#\/schema\/logo\/image\/","url":"https:\/\/www.kontakt.org.rs\/wp-content\/uploads\/2023\/01\/KONTAKT_23-header-logo-3.png","contentUrl":"https:\/\/www.kontakt.org.rs\/wp-content\/uploads\/2023\/01\/KONTAKT_23-header-logo-3.png","width":706,"height":71,"caption":"Kontakt konferencija"},"image":{"@id":"https:\/\/kontaktbeograd.rs\/sr\/#\/schema\/logo\/image\/"},"sameAs":["https:\/\/www.facebook.com\/KontaktBeograd\/","https:\/\/www.instagram.com\/kontakt_beograd\/"]}]}},"_links":{"self":[{"href":"https:\/\/kontaktbeograd.rs\/sr\/wp-json\/wp\/v2\/avada_portfolio\/10625","targetHints":{"allow":["GET"]}}],"collection":[{"href":"https:\/\/kontaktbeograd.rs\/sr\/wp-json\/wp\/v2\/avada_portfolio"}],"about":[{"href":"https:\/\/kontaktbeograd.rs\/sr\/wp-json\/wp\/v2\/types\/avada_portfolio"}],"author":[{"embeddable":true,"href":"https:\/\/kontaktbeograd.rs\/sr\/wp-json\/wp\/v2\/users\/6"}],"version-history":[{"count":1,"href":"https:\/\/kontaktbeograd.rs\/sr\/wp-json\/wp\/v2\/avada_portfolio\/10625\/revisions"}],"predecessor-version":[{"id":10628,"href":"https:\/\/kontaktbeograd.rs\/sr\/wp-json\/wp\/v2\/avada_portfolio\/10625\/revisions\/10628"}],"wp:featuredmedia":[{"embeddable":true,"href":"https:\/\/kontaktbeograd.rs\/sr\/wp-json\/wp\/v2\/media\/10626"}],"wp:attachment":[{"href":"https:\/\/kontaktbeograd.rs\/sr\/wp-json\/wp\/v2\/media?parent=10625"}],"wp:term":[{"taxonomy":"portfolio_category","embeddable":true,"href":"https:\/\/kontaktbeograd.rs\/sr\/wp-json\/wp\/v2\/portfolio_category?post=10625"},{"taxonomy":"portfolio_skills","embeddable":true,"href":"https:\/\/kontaktbeograd.rs\/sr\/wp-json\/wp\/v2\/portfolio_skills?post=10625"},{"taxonomy":"portfolio_tags","embeddable":true,"href":"https:\/\/kontaktbeograd.rs\/sr\/wp-json\/wp\/v2\/portfolio_tags?post=10625"}],"curies":[{"name":"wp","href":"https:\/\/api.w.org\/{rel}","templated":true}]}}